{"id":350,"date":"2017-02-26T09:18:54","date_gmt":"2017-02-26T09:18:54","guid":{"rendered":"https:\/\/themes.themegoods.com\/grandconference\/demo\/?page_id=350"},"modified":"2024-03-06T19:21:11","modified_gmt":"2024-03-06T17:21:11","slug":"home-1-classic-conference","status":"publish","type":"page","link":"https:\/\/congress.reedmackay.es\/9cursodermatosisprofesionales\/","title":{"rendered":"Home"},"content":{"rendered":"<div  class=\"one withsmallpadding ppb_text\" style=\"text-align:left;padding:0px 0 0px 0;\" >\n<div class=\"standard_wrapper\">\n<div class=\"page_content_wrapper\">\n<div class=\"inner\">\n<div style=\"margin:auto;width:100%\">\n<\/div>\n<\/div>\n<\/div>\n<\/div>\n<\/div>\n<div id=\"presentacion\" class=\"one withsmallpadding ppb_header \" style=\"text-align:left;padding:40px 0 40px 0;margin-bottom:-35px;\" >\n<div class=\"standard_wrapper\">\n<div class=\"page_content_wrapper\">\n<div class=\"inner\">\n<div style=\"width:100%\">\n<h2 class=\"ppb_title\" style=\"color:#048fab;;text-align:left;\">Presentaci\u00f3n del curso<\/h2>\n<div class=\"ppb_header_content\">\n<p style=\"color: #1e1e1e;\" align=\"justify\">Para nosotros es motivo de satisfacci\u00f3n informarte que como ya viene siendo un cl\u00e1sico, se va a celebrar el\u00a0<strong>9\u00ba Curso de Dermatosis Profesionales<\/strong>.<\/p>\n<p style=\"color: #1e1e1e;\" align=\"justify\">Este a\u00f1o tendr\u00e1 lugar en la ciudad de\u00a0<strong>Barcelona del 4 al 5 de noviembre de 2022<\/strong>, manteniendo el formato de charla magistral ampliado los intervalos de discusi\u00f3n e incorporando la discusi\u00f3n interactiva de casos cl\u00ednicos.<\/p>\n<p style=\"color: #1e1e1e;\" align=\"justify\">En esta nueva edici\u00f3n, seguimos trabajando en el estudio de la\u00a0<strong>patolog\u00eda inflamatoria cut\u00e1nea vinculada al mundo laboral<\/strong>, para lo que contamos con expertos tanto a nivel nacional como internacional.<\/p>\n<p style=\"color: #1e1e1e;\" align=\"justify\">Tanto el Servicio de Dermatolog\u00eda como el Servicio de Salud Laboral del Hospital de Mar estamos trabajando para que llegue a ocupar un espacio importante en el estudio y la docencia de la patolog\u00eda inflamatoria cut\u00e1nea vinculada al mundo laboral. Para ello, en esta edici\u00f3n el Comit\u00e9 Organizador ha puesto todo su empe\u00f1o para contar con la presencia de\u00a0<strong>m\u00e1ximas autoridades espa\u00f1olas y europeas<\/strong>\u00a0en cada uno de los temas que exponemos.<\/p>\n<p style=\"color: #1e1e1e;\" align=\"justify\">Es nuestra intenci\u00f3n dirigir este 9\u00ba Curso un a\u00f1o m\u00e1s a\u00a0<strong>m\u00e9dicos especialistas y residentes en formaci\u00f3n<\/strong>.<\/p>\n<\/div>\n<\/div>\n<\/div>\n<\/div>\n<\/div>\n<\/div>\n<div id=\"comit\u00e9\" class=\"one withsmallpadding ppb_header \" style=\"text-align:left;padding:40px 0 40px 0;margin-bottom:-35px;\" >\n<div class=\"standard_wrapper\">\n<div class=\"page_content_wrapper\">\n<div class=\"inner\">\n<div style=\"width:100%\">\n<h2 class=\"ppb_title\" style=\"color:#048fab;;text-align:left;\">Comit\u00e9 organizador<\/h2>\n<div class=\"ppb_header_content\">\n<div class=\"one_fourth \" style=\"\">\n<strong>Ana Mar\u00eda Gim\u00e9nez Arnau<\/strong><br \/>\nServicio de Dermatolog\u00eda<br \/>\nHospital del Mar<br \/>\nBarcelona<\/div>\n<div class=\"one_fourth \" style=\"\">\n<strong>Dr. Ramon M. Pujol Vallverd\u00fa<\/strong><br \/>\nJefe de Servicio Dermatolog\u00eda<br \/>\nHospital del Mar<br \/>\nBarcelona<\/div>\n<div class=\"one_fourth \" style=\"\"><strong>Dr. Jos\u00e9 M\u00aa Ramada<\/strong><br \/>\nJefe de Servicio de Salud Laboral<br \/>\nHospital del Mar<br \/>\nBarcelona<\/div>\n<div class=\"one_fourth last \" style=\"\"><strong>Dra. Consol Serra<\/strong><br \/>\nServicio de Salud Laboral<br \/>\nHospital del Mar<br \/>\nBarcelona<\/div>\n<p><br class=\"clear\"\/><\/p>\n<\/div>\n<\/div>\n<\/div>\n<\/div>\n<\/div>\n<\/div>\n<div  class=\"one withsmallpadding ppb_content_half_map\" >\n<div class=\"map_shortcode_wrapper\" id=\"map1709745671375338587\" style=\"width:100%;height:400px\">\n<div class=\"map-marker\" data-latlng=\"41.385353,2.1937817\" data-icon=\"https:\/\/congress.reedmackay.es\/9cursodermatosisprofesionales\/wp-content\/uploads\/2017\/02\/map_marker.png\" ><\/div>\n<\/div>\n<div class=\"standard_wrapper\">\n<div class=\"page_content_wrapper\">\n<div class=\"inner\">\n<div class=\"one_third_bg floatright\" style=\"background:#ffffff;background:rgb(255,255,255,1);background:rgba(255,255,255,1);padding:20px;\" data-stellar-ratio=\"1.3\">\n<h2 class=\"ppb_title\" style=\"\">PRBB &#8211; Parc de Recerca Biom\u00e8dica de Barcelona<\/h2>\n<div class=\"page_tagline\" style=\"\">Carrer del Dr. Aiguader, 88, 08003 Barcelona<\/div>\n<\/div>\n<\/div>\n<\/div>\n<\/div>\n<\/div>\n","protected":false},"excerpt":{"rendered":"<p>Presentaci\u00f3n del curso Para nosotros es motivo de satisfacci\u00f3n informarte que como ya viene siendo un cl\u00e1sico, se va a celebrar el\u00a09\u00ba Curso de Dermatosis Profesionales. Este a\u00f1o tendr\u00e1 lugar en la ciudad de\u00a0Barcelona del 4 al 5 de noviembre [&hellip;]<\/p>\n","protected":false},"author":1,"featured_media":0,"parent":0,"menu_order":0,"comment_status":"closed","ping_status":"closed","template":"","meta":{"footnotes":""},"class_list":["post-350","page","type-page","status-publish","hentry"],"_links":{"self":[{"href":"https:\/\/congress.reedmackay.es\/9cursodermatosisprofesionales\/index.php\/wp-json\/wp\/v2\/pages\/350","targetHints":{"allow":["GET"]}}],"collection":[{"href":"https:\/\/congress.reedmackay.es\/9cursodermatosisprofesionales\/index.php\/wp-json\/wp\/v2\/pages"}],"about":[{"href":"https:\/\/congress.reedmackay.es\/9cursodermatosisprofesionales\/index.php\/wp-json\/wp\/v2\/types\/page"}],"author":[{"embeddable":true,"href":"https:\/\/congress.reedmackay.es\/9cursodermatosisprofesionales\/index.php\/wp-json\/wp\/v2\/users\/1"}],"replies":[{"embeddable":true,"href":"https:\/\/congress.reedmackay.es\/9cursodermatosisprofesionales\/index.php\/wp-json\/wp\/v2\/comments?post=350"}],"version-history":[{"count":337,"href":"https:\/\/congress.reedmackay.es\/9cursodermatosisprofesionales\/index.php\/wp-json\/wp\/v2\/pages\/350\/revisions"}],"predecessor-version":[{"id":3358,"href":"https:\/\/congress.reedmackay.es\/9cursodermatosisprofesionales\/index.php\/wp-json\/wp\/v2\/pages\/350\/revisions\/3358"}],"wp:attachment":[{"href":"https:\/\/congress.reedmackay.es\/9cursodermatosisprofesionales\/index.php\/wp-json\/wp\/v2\/media?parent=350"}],"curies":[{"name":"wp","href":"https:\/\/api.w.org\/{rel}","templated":true}]}}